{"id":90,"date":"2011-02-03T17:08:40","date_gmt":"2011-02-03T16:08:40","guid":{"rendered":"http:\/\/www.amicidellaterra-nebrodi.org\/blog\/?page_id=90"},"modified":"2025-12-02T09:40:04","modified_gmt":"2025-12-02T08:40:04","slug":"ricerca-e-fruizione-naturalistica","status":"publish","type":"page","link":"https:\/\/www.amicidellaterra-nebrodi.org\/blog\/?page_id=90","title":{"rendered":"Ricerca e fruizione Naturalistica"},"content":{"rendered":"<p><strong>Progetto &#8220;SALINA&#8221;<\/strong><\/p>\n<p><a href=\"https:\/\/www.amicidellaterra-nebrodi.org\/blog\/wp-content\/uploads\/2011\/02\/UnderConstruction.jpg\"><img loading=\"lazy\" decoding=\"async\" class=\"aligncenter size-full wp-image-100\" src=\"https:\/\/www.amicidellaterra-nebrodi.org\/blog\/wp-content\/uploads\/2011\/02\/UnderConstruction.jpg\" alt=\"UnderConstruction\" width=\"339\" height=\"258\" srcset=\"https:\/\/www.amicidellaterra-nebrodi.org\/blog\/wp-content\/uploads\/2011\/02\/UnderConstruction.jpg 339w, https:\/\/www.amicidellaterra-nebrodi.org\/blog\/wp-content\/uploads\/2011\/02\/UnderConstruction-300x228.jpg 300w\" sizes=\"auto, (max-width: 339px) 100vw, 339px\" \/><\/a><\/p>\n<p>&nbsp;<\/p>\n<p><strong>Progetto &#8220;AREA DEL CAPRIOLO&#8221;<\/strong><\/p>\n<p><strong>Galati Mamertino<\/strong> \u00e8 uno dei 23 comuni con una vasta porzione di territorio ricadente nel <strong>Parco Regionale dei Nebrodi<\/strong>, area protetta di circa 86.000 ettari. Da qui \u00e8 facile raggiungere siti di notevole importanza naturalistica.<\/p>\n<p><img decoding=\"async\" class=\"alignleft size-medium wp-image-91\" style=\"border: black 1px solid;\" title=\"capriolo\" src=\"https:\/\/www.amicidellaterra-nebrodi.org\/blog\/wp-content\/uploads\/2011\/02\/capriolo-300x247.jpg\" alt=\"capriolo\" width=\"260\" srcset=\"https:\/\/www.amicidellaterra-nebrodi.org\/blog\/wp-content\/uploads\/2011\/02\/capriolo-300x247.jpg 300w, https:\/\/www.amicidellaterra-nebrodi.org\/blog\/wp-content\/uploads\/2011\/02\/capriolo.jpg 408w\" sizes=\"(max-width: 300px) 100vw, 300px\" \/>L\u2019<strong>Area del Capriolo<\/strong> si trova nel comune di Galati, in <em>contrada Miserella<\/em> a circa 900 metri di quota (km 2,5), \u00e9 una vasta area di semicattivit\u00e1 realizzata in un fitto bosco di castagni e cerri che ospita un nucleo di caprioli (<em>Capreolus capreolus<\/em>).<\/p>\n<p>Gli esemplari, trasferiti da aree protette aventi ambienti simili (come il Parco Boschi di Carrega) vengono qui osservati per studi faunistici, e\u00a0i loro comportamenti registrati in una banca dati.<br \/>\nLa presenza di questi timidi animali \u00e8 soprattutto una occasione per stimolare forme di fruizione compatibile.<\/p>\n<p><img loading=\"lazy\" decoding=\"async\" class=\"alignleft size-medium wp-image-268\" title=\"scolaresca_in_visita\" src=\"https:\/\/www.amicidellaterra-nebrodi.org\/blog\/wp-content\/uploads\/2011\/02\/scolaresca_in_visita-300x225.jpg\" alt=\"scolaresca_in_visita\" width=\"300\" height=\"225\" srcset=\"https:\/\/www.amicidellaterra-nebrodi.org\/blog\/wp-content\/uploads\/2011\/02\/scolaresca_in_visita-300x225.jpg 300w, https:\/\/www.amicidellaterra-nebrodi.org\/blog\/wp-content\/uploads\/2011\/02\/scolaresca_in_visita.JPG 640w\" sizes=\"auto, (max-width: 300px) 100vw, 300px\" \/><img loading=\"lazy\" decoding=\"async\" class=\"alignleft size-medium wp-image-294\" title=\"visita_scuola_materna\" src=\"https:\/\/www.amicidellaterra-nebrodi.org\/blog\/wp-content\/uploads\/2011\/02\/visita_scuola_materna-300x225.jpg\" alt=\"visita_scuola_materna\" width=\"300\" height=\"225\" srcset=\"https:\/\/www.amicidellaterra-nebrodi.org\/blog\/wp-content\/uploads\/2011\/02\/visita_scuola_materna-300x225.jpg 300w, https:\/\/www.amicidellaterra-nebrodi.org\/blog\/wp-content\/uploads\/2011\/02\/visita_scuola_materna.jpg 640w\" sizes=\"auto, (max-width: 300px) 100vw, 300px\" \/><img loading=\"lazy\" decoding=\"async\" class=\"alignleft size-medium wp-image-295\" title=\"visita_scuola\" src=\"https:\/\/www.amicidellaterra-nebrodi.org\/blog\/wp-content\/uploads\/2011\/02\/visita_scuola-300x225.jpg\" alt=\"visita_scuola\" width=\"300\" height=\"225\" srcset=\"https:\/\/www.amicidellaterra-nebrodi.org\/blog\/wp-content\/uploads\/2011\/02\/visita_scuola-300x225.jpg 300w, https:\/\/www.amicidellaterra-nebrodi.org\/blog\/wp-content\/uploads\/2011\/02\/visita_scuola.jpg 640w\" sizes=\"auto, (max-width: 300px) 100vw, 300px\" \/>Ai margini dell\u2019area \u00e8 presente un rifugio montano nel quale si svolgono attivit\u00e1 laboratoriali per scolaresche.<br \/>\nOltre alla ricerca scientifica quindi gli animali, cos\u00ec timidi ed elusivi, sono l&#8217;occasione per invitare i visitatori ad avere comportamenti rispettosi e responsabili nei confronti dell&#8217;ambiente.<br \/>\nSono infatti numerosi i fruitori\u00a0 (4000 l&#8217;anno) in visita lungo i comodi sentieri che attraversano il bosco e circoscrivono l&#8217;area. Si tratta prevalentemente di alunni e studenti di ogni ordine e grado che nell&#8217;ambito di progetti di educazione ambientale, effettuano attivit\u00e0 su campo nel Parco dei Nebrodi.<\/p>\n<p><img loading=\"lazy\" decoding=\"async\" class=\"alignleft size-medium wp-image-267\" title=\"capriolo2\" src=\"https:\/\/www.amicidellaterra-nebrodi.org\/blog\/wp-content\/uploads\/2011\/02\/capriolo2-300x225.jpg\" alt=\"capriolo2\" width=\"300\" height=\"225\" srcset=\"https:\/\/www.amicidellaterra-nebrodi.org\/blog\/wp-content\/uploads\/2011\/02\/capriolo2-300x225.jpg 300w, https:\/\/www.amicidellaterra-nebrodi.org\/blog\/wp-content\/uploads\/2011\/02\/capriolo2.JPG 640w\" sizes=\"auto, (max-width: 300px) 100vw, 300px\" \/><\/p>\n<p>Il capriolo \u00e8 un ungulato di medie dimensioni, dal mantello grigio chiaro in inverno e bruno in estate.<br \/>\nIl maschio \u00e9 dotato di palchi che ogni anno cadono e vengono riemessi.<br \/>\nGli accoppiamenti avvengono in estate e la gravidanza (la gestazione \u00e9 differita) si conclude nella primavera inoltrata, quando le specie erbacee pi\u00f9 appetibili formano ricche estensioni a prato.<\/p>\n<p><strong><em>PRENDI VISIONE DI:<\/em><\/strong><\/p>\n<p><a href=\"https:\/\/www.amicidellaterra-nebrodi.org\/blog\/wp-content\/uploads\/2011\/02\/Servizi_di_fruizione.pdf\" target=\"_blank\"><strong>SERVIZI DI FRUIZIONE, ACCOMPAGNAMENTO ED ATTIVIT\u00c0 DI EDUCAZIONE AMBIENTALE E ATTIVIT\u00c0 ESCURSIONISTICA<\/strong><\/a><\/p>\n<p><a href=\"https:\/\/www.amicidellaterra-nebrodi.org\/blog\/wp-content\/uploads\/2011\/02\/Attivit\u00e0_laboratoriali_e_di_animazione.pdf\" target=\"_blank\"><strong>ATTIVIT\u00c0 LABORATORIALI E DI ANIMAZIONE<\/strong><\/a><\/p>\n<p><strong>DA VISITARE<\/strong><\/p>\n<p>Procedendo lungo la strada asfaltata si percorre la magnifica pineta e si corre tra belle formazioni boschivetra il <em>Pizzo Risigna<\/em>, il <em>Pizzo d&#8217;Ucina<\/em> (m 1282) e <em>Serra della Filicia<\/em> (tratti da percorrere in fuoristrada o a piedi per godere dei bei panorami).<\/p>\n<p>Dal tornante a monte della frazione di <em>San Basilio<\/em> si pu\u00f2 percorrere (a piedi, km 3,1) una bella strada sterrata che passa dal suggestivo ambiente contadino di <em>Mulisa<\/em>, posto a ridosso di una falesia calcarea (abbeveratoio) e raggiungere la <strong>Cascata del Catafurco<\/strong>, salto di circa 10 metri del torrente <em>Mil\u00e9<\/em>, in una conca rocciosa.<\/p>\n<p>Da San Basilio si procede per la comoda strada che raggiunge <strong>Portella Gazzana<\/strong> e da qui si inoltra (lambendo il roccioso <em>Pizzo di Mueli<\/em>) nelle magnifiche faggete di <strong>Mangalaviti<\/strong>, in <em>zona A<\/em> del Parco dei Nebrodi, immettendosi nella strada dorsale dei Nebrodi, percorso attrezzato di straordinario interesse escursionistico.<\/p>\n<p>testi : <em>Nuccio Lo Castro<\/em><\/p>\n<p><strong>OTELLO<\/strong><\/p>\n<p><img loading=\"lazy\" decoding=\"async\" class=\"alignleft size-medium wp-image-277\" title=\"Otello con l'operatore Campisi\" src=\"https:\/\/www.amicidellaterra-nebrodi.org\/blog\/wp-content\/uploads\/2011\/02\/Otello-con-loperatore-Campisi-300x204.jpg\" alt=\"Otello con l'operatore Campisi\" width=\"300\" height=\"204\" srcset=\"https:\/\/www.amicidellaterra-nebrodi.org\/blog\/wp-content\/uploads\/2011\/02\/Otello-con-loperatore-Campisi-300x204.jpg 300w, https:\/\/www.amicidellaterra-nebrodi.org\/blog\/wp-content\/uploads\/2011\/02\/Otello-con-loperatore-Campisi.JPG 640w\" sizes=\"auto, (max-width: 300px) 100vw, 300px\" \/>L&#8217;area ospita anche <strong>Otello<\/strong>, un esemplare di <em>asino pantesco<\/em> proveniente dall&#8217;allevamento di <em>San Matteo a Erice<\/em>.<\/p>\n<p>(a sinistra Otello con l&#8217;operatore Campisi)<\/p>\n<p>L&#8217;<em>Azienda Foreste Demaniali della Regione Siciliana<\/em> lo ha dato in comodato d&#8217;uso alla nostra associazione, che gestisce l&#8217;area per conto del Parco.<br \/>\nLa sua presenza rientra in un ampio piano di tutela della specie.<\/p>\n<p><img decoding=\"async\" class=\"alignleft size-full wp-image-393\" style=\"border-image: initial; border: 1px solid black;\" title=\"scheda - ASINO PANTESCO\" src=\"https:\/\/www.amicidellaterra-nebrodi.org\/blog\/wp-content\/uploads\/2011\/02\/scheda-ASINO-PANTESCO.jpg\" alt=\"scheda - ASINO PANTESCO\" width=\"500\" srcset=\"https:\/\/www.amicidellaterra-nebrodi.org\/blog\/wp-content\/uploads\/2011\/02\/scheda-ASINO-PANTESCO.jpg 1241w, https:\/\/www.amicidellaterra-nebrodi.org\/blog\/wp-content\/uploads\/2011\/02\/scheda-ASINO-PANTESCO-210x300.jpg 210w, https:\/\/www.amicidellaterra-nebrodi.org\/blog\/wp-content\/uploads\/2011\/02\/scheda-ASINO-PANTESCO-719x1024.jpg 719w\" sizes=\"(max-width: 1241px) 100vw, 1241px\" \/><\/p>\n<p><em>Articolo giornalistico su <strong>Centonove<\/strong><br \/>\ndi Giuseppina Laguidara<\/em><\/p>\n<p>Per conoscere <strong>Otello<\/strong> bisogna raggiungere contrada <em>Miserella<\/em> a <em>Galati Mamertino<\/em> nel <strong>Parco dei Nebrodi<\/strong>, precisamente l\u2019Area del Capriolo. Chi, tuttavia, crede nell\u2019incarnazione del generale moro della tragedia di Shakespeare s\u2019imbatter\u00e0, invece, in un simpatico asinello della pregiata specie dei cosiddetti \u201c<em>scecchi di Pantiddaria<\/em>\u201d, tra le razze asinine pi\u00f9 antiche d\u2019Italia.<br \/>\nOtello vi saluter\u00e0 con un raglio simile ad un boato, modo usuale di esternare la sua felicit\u00e0 ogniqualvolta avvista gente. \u00c9 molto socievole e ama la compagnia, soprattutto quella dei bambini. Cammina dondolando, sembra quasi che saltelli, ma in effetti \u00e8 l\u2019andatura \u201c<em>ad ambio<\/em>\u201d, nel senso che avanza contemporaneamente gli arti dello stesso lato, tipico della razza pantesca.<br \/>\nTra le caratteristiche di questa specie, inoltre, il color marrone intenso del mantello, con pelo corto e lucido, una corporatura pi\u00f9 alta delle altre razze simili, gli immancabili \u201cocchialini bianchi\u201d a mascherina e il muso bianco o quasi.<br \/>\nUna volta, in tempi remoti, l\u2019asino pantesco veniva allevato per le sue doti di agilit\u00e0 e robustezza ed era preferito al cavallo perch\u00e9 molto pi\u00f9 abile nell&#8217;inerpicarsi per sentieri impervi.<br \/>\nL\u2019asinello Otello \u00e8 diventato un\u2019attrattiva del suggestivo sentiero del \u201cCapriolo\u201d, la mascotte, indipendentemente dai 4 esemplari di caprioli che sono pi\u00f9 \u201ctimidi\u201d per indole. \u00c9 \u201ccoccolato\u201d dagli operatori dell\u2019area, i quali settimanalmente lo sottopongono a toelettatura, insomma come fosse il \u201cpiccolo principe\u201d dell\u2019area del \u201ccapriolo\u201d. A giugno Otello compir\u00e0 5 anni, et\u00e0 della maturit\u00e0 sessuale, ed \u00e8 quindi in attesa anche di una \u201cfidanzata\u201d che sar\u00e0 scelta appositamente per lui, dovr\u00e0 essere \u201caffine\u201d per perpetuare la specie nel tempo.<br \/>\nInfatti, da quando nel 1985 <em>Arlecchino<\/em>,\u00a0ultimo esemplare di asino di Pantelleria esistente, anneg\u00f2 in mare, decretando, di fatto, l&#8217;estinzione della razza,\u00a0l&#8217;Azienda Regionale Foreste Demaniali della Sicilia dal 1989, avvi\u00f2 il rivoluzionario progetto di ricrearla, iniziando a ricercare su tutto il territorio isolano i discendenti degli asini &#8220;esportati&#8221; e gradualmente selezionando quegli esemplari che, per caratteristiche genetiche, si avvicinavano il pi\u00f9 possibile alla razza pura. Ci\u00f2 avviene attraverso una serie di incroci selettivi, mirati all&#8217;eliminazione dei fattori genetici non propri della razza pantesca e all&#8217;applicazione di particolari tecniche, quali il trasferimento embrionale. Oggi, finalmente, si \u00e8 giunti arrivati alla costituzione di un nucleo di circa 77 esemplari di <em>Scecchi panteschi<\/em> in Sicilia, che risponde agli standard di razza, ottenendo sin dal 16 febbraio 2006 l&#8217;iscrizione al Registro Anagrafico per le Razze e Popolazioni Equine riconducibili a gruppi etnici locali.<\/p>\n<p>Otello, unico affidamento in provincia di\u00a0Messina, \u00e8 stato concesso in \u201ccomodato d\u2019uso\u201d circa dieci mesi fa dall\u2019Azienda regionale Foreste Demaniali di Sicilia al <strong>club Nebrodi Onlus \u201cAmici della Terra\u201d<\/strong>, presieduto dalla <strong>biologa Maria D\u2019Amico<\/strong>.<br \/>\nSi tratta di una delle associazioni ambientaliste siciliane, dal 1991 opera in tutto il territorio dei Nebrodi e\u00a0gestisce anche il \u201c<strong>Progetto Capriolo<\/strong>\u201d, importante progetto faunistico con obiettivi di studio scientifico e azioni di fruizione sostenibile prevalentemente rivolte alle scuole di ogni ordine e grado. Altri asinelli panteschi sono stati concessi a Parco delle Cinque Terre in Liguria e alla moglie di Riccardo Muti, che trascorre il periodo delle ferie a Pantelleria. Il Comune di Castelbuono in questi anni ha utilizzato l\u2019asino per la raccolta porta a porta dei rifiuti solidi urbani, rivalutando cos\u00ec anche il ruolo di un animale dimenticato.<\/p>\n","protected":false},"excerpt":{"rendered":"<p>Progetto &#8220;SALINA&#8221; &nbsp; Progetto &#8220;AREA DEL CAPRIOLO&#8221; Galati Mamertino \u00e8 uno dei 23 comuni con una vasta porzione di territorio ricadente nel Parco Regionale dei Nebrodi, area protetta di circa 86.000 ettari. Da qui \u00e8 facile raggiungere siti di notevole<\/p>\n","protected":false},"author":2,"featured_media":0,"parent":78,"menu_order":0,"comment_status":"closed","ping_status":"closed","template":"","meta":{"footnotes":""},"class_list":["post-90","page","type-page","status-publish","hentry"],"_links":{"self":[{"href":"https:\/\/www.amicidellaterra-nebrodi.org\/blog\/index.php?rest_route=\/wp\/v2\/pages\/90","targetHints":{"allow":["GET"]}}],"collection":[{"href":"https:\/\/www.amicidellaterra-nebrodi.org\/blog\/index.php?rest_route=\/wp\/v2\/pages"}],"about":[{"href":"https:\/\/www.amicidellaterra-nebrodi.org\/blog\/index.php?rest_route=\/wp\/v2\/types\/page"}],"author":[{"embeddable":true,"href":"https:\/\/www.amicidellaterra-nebrodi.org\/blog\/index.php?rest_route=\/wp\/v2\/users\/2"}],"replies":[{"embeddable":true,"href":"https:\/\/www.amicidellaterra-nebrodi.org\/blog\/index.php?rest_route=%2Fwp%2Fv2%2Fcomments&post=90"}],"version-history":[{"count":47,"href":"https:\/\/www.amicidellaterra-nebrodi.org\/blog\/index.php?rest_route=\/wp\/v2\/pages\/90\/revisions"}],"predecessor-version":[{"id":732,"href":"https:\/\/www.amicidellaterra-nebrodi.org\/blog\/index.php?rest_route=\/wp\/v2\/pages\/90\/revisions\/732"}],"up":[{"embeddable":true,"href":"https:\/\/www.amicidellaterra-nebrodi.org\/blog\/index.php?rest_route=\/wp\/v2\/pages\/78"}],"wp:attachment":[{"href":"https:\/\/www.amicidellaterra-nebrodi.org\/blog\/index.php?rest_route=%2Fwp%2Fv2%2Fmedia&parent=90"}],"curies":[{"name":"wp","href":"https:\/\/api.w.org\/{rel}","templated":true}]}}